{"id":31098,"date":"2022-02-11T07:41:26","date_gmt":"2022-02-11T07:41:26","guid":{"rendered":"https:\/\/gastplatsgranna.se\/exkursionen\/"},"modified":"2023-05-22T12:05:05","modified_gmt":"2023-05-22T12:05:05","slug":"exkursionen","status":"publish","type":"page","link":"https:\/\/gastplatsgranna.se\/de\/exkursionen\/","title":{"rendered":"Exkursionen"},"content":{"rendered":"<p>[et_pb_section fb_built=&#8221;1&#8243; admin_label=&#8221;Blurb section #2&#8243; _builder_version=&#8221;4.14.7&#8243; _module_preset=&#8221;default&#8221; background_enable_color=&#8221;off&#8221; use_background_color_gradient=&#8221;on&#8221; background_color_gradient_start=&#8221;#ffffff&#8221; background_color_gradient_end=&#8221;rgba(255,255,255,0)&#8221; background_color_gradient_direction=&#8221;90deg&#8221; background_color_gradient_start_position=&#8221;50%&#8221; background_color_gradient_end_position=&#8221;50%&#8221; background_color_gradient_overlays_image=&#8221;on&#8221; background_image=&#8221;https:\/\/gastplatsgranna.se\/wp-content\/uploads\/2022\/02\/pexels-rudolf-jakkel-418831-1-scaled.jpg&#8221; custom_margin=&#8221;0px||0px||true|false&#8221; custom_padding=&#8221;0px||75px||false|false&#8221; background_last_edited=&#8221;on|phone&#8221; use_background_color_gradient_tablet=&#8221;on&#8221; background_color_gradient_end_tablet=&#8221;#d8dfe9&#8243; background_enable_image_tablet=&#8221;off&#8221; global_colors_info=&#8221;{}&#8221;][et_pb_row use_custom_gutter=&#8221;on&#8221; gutter_width=&#8221;2&#8243; admin_label=&#8221;Reihe&#8221; _builder_version=&#8221;4.14.7&#8243; _module_preset=&#8221;default&#8221; background_color=&#8221;#FFFFFF&#8221; global_colors_info=&#8221;{}&#8221;][et_pb_column type=&#8221;4_4&#8243; _builder_version=&#8221;4.14.7&#8243; _module_preset=&#8221;default&#8221; global_colors_info=&#8221;{}&#8221;][et_pb_text _builder_version=&#8221;4.14.7&#8243; _module_preset=&#8221;default&#8221; header_2_text_color=&#8221;#FFFFFF&#8221; header_2_font_size=&#8221;32px&#8221; background_color=&#8221;#689368&#8243; max_width=&#8221;35%&#8221; max_width_tablet=&#8221;85%&#8221; max_width_phone=&#8221;100%&#8221; max_width_last_edited=&#8221;on|phone&#8221; module_alignment=&#8221;center&#8221; custom_padding=&#8221;10px||||false|false&#8221; box_shadow_style=&#8221;preset4&#8243; global_colors_info=&#8221;{}&#8221;]<\/p>\n<h2 style=\"text-align: center;\">Exkursionen<\/h2>\n<p>[\/et_pb_text][et_pb_text _builder_version=&#8221;4.14.7&#8243; _module_preset=&#8221;default&#8221; custom_padding=&#8221;20px|20px|20px|20px|false|true&#8221; locked=&#8221;off&#8221; global_colors_info=&#8221;{}&#8221;]<\/p>\n<p style=\"text-align: center;\"><span style=\"font-size: large;\">Hier sind einige Empfehlungen f\u00fcr diejenigen, die w\u00e4hrend ihres Aufenthalts in die fantastischen W\u00e4lder von Gr\u00e4nna gehen m\u00f6chten.<\/span><\/p>\n<p style=\"text-align: center;\"><em><span style=\"font-size: large;\">Klicken Sie auf die Bilder, um zur Website der jeweiligen Aktivit\u00e4t zu gelangen.<\/span><\/em><\/p>\n<p>[\/et_pb_text][\/et_pb_column][\/et_pb_row][et_pb_row column_structure=&#8221;1_3,1_3,1_3&#8243; use_custom_gutter=&#8221;on&#8221; gutter_width=&#8221;2&#8243; admin_label=&#8221;Reihe&#8221; _builder_version=&#8221;4.14.7&#8243; _module_preset=&#8221;default&#8221; global_colors_info=&#8221;{}&#8221;][et_pb_column type=&#8221;1_3&#8243; _builder_version=&#8221;4.14.7&#8243; _module_preset=&#8221;default&#8221; global_colors_info=&#8221;{}&#8221;][et_pb_blurb title=&#8221;Naturschutzgebiet&#8221; image=&#8221;https:\/\/gastplatsgranna.se\/wp-content\/uploads\/2022\/03\/Huvudbild_Girabacken.jpg&#8221; image_icon_width=&#8221;100%&#8221; admin_label=&#8221;Section #2 Blurb #1&#8243; _builder_version=&#8221;4.14.7&#8243; _module_preset=&#8221;default&#8221; header_level=&#8221;h5&#8243; header_font=&#8221;|600|||||||&#8221; header_text_color=&#8221;#022831&#8243; header_font_size=&#8221;26px&#8221; body_text_color=&#8221;#04566E&#8221; body_font_size=&#8221;18px&#8221; background_color=&#8221;#FFFFFF&#8221; image_icon_custom_margin=&#8221;||||true|true&#8221; image_icon_custom_padding=&#8221;||||true|true&#8221; text_orientation=&#8221;center&#8221; custom_padding=&#8221;15px|15px|15px|15px|true|true&#8221; link_option_url=&#8221;https:\/\/www.lansstyrelsen.se\/jonkoping\/besoksmal\/naturreservat\/girabacken.html&#8221; link_option_url_new_window=&#8221;on&#8221; box_shadow_style=&#8221;preset1&#8243; global_colors_info=&#8221;{}&#8221;]<\/p>\n<p><strong>Girab\u00e4cken<\/strong><\/p>\n<p><span>Die Girab\u00e4ck-Schlucht hat eine sehr vielf\u00e4ltige Flora und Fauna. Das Gebiet wurde fr\u00fcher f\u00fcr den Sandsteinabbau genutzt. Jetzt ist es ein sch\u00f6nes Wandergebiet.<\/span><\/p>\n<p>[\/et_pb_blurb][\/et_pb_column][et_pb_column type=&#8221;1_3&#8243; _builder_version=&#8221;4.14.7&#8243; _module_preset=&#8221;default&#8221; global_colors_info=&#8221;{}&#8221;][et_pb_blurb title=&#8221;Naturlehrpfad&#8221; image=&#8221;https:\/\/gastplatsgranna.se\/wp-content\/uploads\/2022\/03\/Kleven-02-scaled.jpg&#8221; image_icon_width=&#8221;100%&#8221; admin_label=&#8221;Section #2 Blurb #2&#8243; _builder_version=&#8221;4.14.7&#8243; _module_preset=&#8221;default&#8221; header_level=&#8221;h5&#8243; header_font=&#8221;|600|||||||&#8221; header_text_color=&#8221;#022831&#8243; header_font_size=&#8221;26px&#8221; body_text_color=&#8221;#04566E&#8221; body_font_size=&#8221;18px&#8221; background_color=&#8221;#FFFFFF&#8221; image_icon_custom_margin=&#8221;||||true|true&#8221; image_icon_custom_padding=&#8221;||||true|true&#8221; text_orientation=&#8221;center&#8221; custom_padding=&#8221;15px|15px|15px|15px|true|true&#8221; link_option_url=&#8221;https:\/\/jkpg.com\/sv\/granna\/klevens-naturstig\/&#8221; link_option_url_new_window=&#8221;on&#8221; box_shadow_style=&#8221;preset1&#8243; global_colors_info=&#8221;{}&#8221;]<\/p>\n<p><strong>Klevens Naturlehrpfad<\/strong><\/p>\n<p>Kleven liegt zwischen der Autobahn E4 und der alten Riksettan. Die zwei Kilometer lange Wanderung, die am Parkplatz beginnt, f\u00fchrt durch leicht h\u00fcgeliges Gel\u00e4nde und bietet atemberaubende Ausblicke.<\/p>\n<p>[\/et_pb_blurb][\/et_pb_column][et_pb_column type=&#8221;1_3&#8243; _builder_version=&#8221;4.14.7&#8243; _module_preset=&#8221;default&#8221; global_colors_info=&#8221;{}&#8221;][et_pb_blurb title=&#8221;Au\u00dfenbereich&#8221; image=&#8221;https:\/\/gastplatsgranna.se\/wp-content\/uploads\/2022\/03\/1-Valkommen-20200916__1605705053846__w1920.jpg&#8221; image_icon_width=&#8221;100%&#8221; admin_label=&#8221;Section #2 Blurb #3&#8243; _builder_version=&#8221;4.14.7&#8243; _module_preset=&#8221;default&#8221; header_level=&#8221;h5&#8243; header_font=&#8221;|600|||||||&#8221; header_text_color=&#8221;#022831&#8243; header_font_size=&#8221;26px&#8221; body_text_color=&#8221;#04566E&#8221; body_font_size=&#8221;18px&#8221; background_color=&#8221;#FFFFFF&#8221; image_icon_custom_margin=&#8221;||||true|true&#8221; image_icon_custom_padding=&#8221;||||true|true&#8221; text_orientation=&#8221;center&#8221; custom_padding=&#8221;15px|15px|15px|15px|true|true&#8221; link_option_url=&#8221;https:\/\/www.jonkoping.se\/upplevagora\/friluftslivochmotion\/friluftsomrade\/grannaberget.4.74fef9ab15548f0b800138e.html&#8221; link_option_url_new_window=&#8221;on&#8221; box_shadow_style=&#8221;preset1&#8243; global_colors_info=&#8221;{}&#8221;]<\/p>\n<p><strong>Gr\u00e4nnaberget<\/strong><\/p>\n<p>Gr\u00e4nnaberget bietet viele sch\u00f6ne Aussichten auf den V\u00e4tternsee, Gr\u00e4nna und Visings\u00f6. Ein Au\u00dfenbereich mit einem Caf\u00e9, Joggingstrecken und Wanderwegen.<\/p>\n<p>[\/et_pb_blurb][\/et_pb_column][\/et_pb_row][et_pb_row column_structure=&#8221;1_3,1_3,1_3&#8243; use_custom_gutter=&#8221;on&#8221; gutter_width=&#8221;2&#8243; admin_label=&#8221;Reihe&#8221; _builder_version=&#8221;4.14.7&#8243; _module_preset=&#8221;default&#8221; global_colors_info=&#8221;{}&#8221;][et_pb_column type=&#8221;1_3&#8243; _builder_version=&#8221;4.14.7&#8243; _module_preset=&#8221;default&#8221; global_colors_info=&#8221;{}&#8221;][et_pb_blurb title=&#8221;Sommeridylle&#8221; image=&#8221;https:\/\/gastplatsgranna.se\/wp-content\/uploads\/2022\/03\/rottle_vattenfall.jpg&#8221; image_icon_width=&#8221;100%&#8221; admin_label=&#8221;Section #2 Blurb #4&#8243; _builder_version=&#8221;4.14.7&#8243; _module_preset=&#8221;default&#8221; header_level=&#8221;h5&#8243; header_font=&#8221;|600|||||||&#8221; header_text_color=&#8221;#022831&#8243; header_font_size=&#8221;26px&#8221; body_text_color=&#8221;#04566E&#8221; body_font_size=&#8221;18px&#8221; background_color=&#8221;#FFFFFF&#8221; image_icon_custom_margin=&#8221;||||true|true&#8221; image_icon_custom_padding=&#8221;||||true|true&#8221; text_orientation=&#8221;center&#8221; custom_padding=&#8221;15px|15px|15px|15px|true|true&#8221; link_option_url=&#8221;https:\/\/jkpg.com\/sv\/granna\/rottle-by\/&#8221; link_option_url_new_window=&#8221;on&#8221; box_shadow_style=&#8221;preset1&#8243; global_colors_info=&#8221;{}&#8221;]<\/p>\n<p><strong>Dorf R\u00f6ttle<\/strong><\/p>\n<p><span>S\u00fcdlich von Gr\u00e4nna liegt das Dorf R\u00f6ttle. Es ist eine Sommeridylle mit zwei alten M\u00fchlen, einem Wasserfall und einem Jachthafen.<\/span><\/p>\n<p>[\/et_pb_blurb][\/et_pb_column][et_pb_column type=&#8221;1_3&#8243; _builder_version=&#8221;4.14.7&#8243; _module_preset=&#8221;default&#8221; global_colors_info=&#8221;{}&#8221;][et_pb_blurb title=&#8221;Badezimmer&#8221; image=&#8221;https:\/\/gastplatsgranna.se\/wp-content\/uploads\/2022\/03\/bat-01.jpg&#8221; image_icon_width=&#8221;100%&#8221; admin_label=&#8221;Section #2 Blurb #5&#8243; _builder_version=&#8221;4.14.7&#8243; _module_preset=&#8221;default&#8221; header_level=&#8221;h5&#8243; header_font=&#8221;|600|||||||&#8221; header_text_color=&#8221;#022831&#8243; header_font_size=&#8221;26px&#8221; body_text_color=&#8221;#04566E&#8221; body_font_size=&#8221;18px&#8221; background_color=&#8221;#FFFFFF&#8221; image_icon_custom_margin=&#8221;||||true|true&#8221; image_icon_custom_padding=&#8221;||||true|true&#8221; text_orientation=&#8221;center&#8221; custom_padding=&#8221;15px|15px|15px|15px|true|true&#8221; link_option_url=&#8221;https:\/\/jkpg.com\/sv\/granna-visingso\/bada-i-granna-och-pa-visingso\/&#8221; link_option_url_new_window=&#8221;on&#8221; box_shadow_style=&#8221;preset1&#8243; global_colors_info=&#8221;{}&#8221;]<\/p>\n<p><strong>Schwimmen in Gr\u00e4nna und auf Visings\u00f6<\/strong><\/p>\n<p>In und um Gr\u00e4nna finden Sie viele sch\u00f6ne Pl\u00e4tze zum Abk\u00fchlen. Tauchen Sie in das kristallklare Wasser des V\u00e4tternsees oder genie\u00dfen Sie einen der magischen Seen.<\/p>\n<p>[\/et_pb_blurb][\/et_pb_column][et_pb_column type=&#8221;1_3&#8243; _builder_version=&#8221;4.14.7&#8243; _module_preset=&#8221;default&#8221; global_colors_info=&#8221;{}&#8221;][et_pb_blurb title=&#8221;Burgruine&#8221; image=&#8221;https:\/\/gastplatsgranna.se\/wp-content\/uploads\/2022\/03\/brahehus_ljus-kopie.jpg&#8221; image_icon_width=&#8221;100%&#8221; admin_label=&#8221;Section #2 Blurb #6&#8243; _builder_version=&#8221;4.14.7&#8243; _module_preset=&#8221;default&#8221; header_level=&#8221;h5&#8243; header_font=&#8221;|600|||||||&#8221; header_text_color=&#8221;#022831&#8243; header_font_size=&#8221;26px&#8221; body_text_color=&#8221;#04566E&#8221; body_font_size=&#8221;18px&#8221; background_color=&#8221;#FFFFFF&#8221; image_icon_custom_margin=&#8221;||||true|true&#8221; image_icon_custom_padding=&#8221;||||true|true&#8221; text_orientation=&#8221;center&#8221; custom_padding=&#8221;15px|15px|15px|15px|true|true&#8221; link_option_url=&#8221;https:\/\/jkpg.com\/sv\/granna\/brahehus\/&#8221; link_option_url_new_window=&#8221;on&#8221; box_shadow_style=&#8221;preset1&#8243; global_colors_info=&#8221;{}&#8221;]<\/p>\n<p><strong>Brahehus<\/strong><span><\/span><\/p>\n<p><span>Vielen ist die viereckige Ruine wahrscheinlich schon aufgefallen, als sie auf der Autobahn E4 einige Kilometer n\u00f6rdlich von Gr\u00e4nna vorbeifuhren, wo das Brahehus hoch oben am Rande des Gr\u00e4nnaberget liegt.<\/span><\/p>\n<p>[\/et_pb_blurb][\/et_pb_column][\/et_pb_row][et_pb_row column_structure=&#8221;1_3,1_3,1_3&#8243; use_custom_gutter=&#8221;on&#8221; gutter_width=&#8221;2&#8243; admin_label=&#8221;Reihe&#8221; _builder_version=&#8221;4.14.7&#8243; _module_preset=&#8221;default&#8221; global_colors_info=&#8221;{}&#8221;][et_pb_column type=&#8221;1_3&#8243; _builder_version=&#8221;4.14.7&#8243; _module_preset=&#8221;default&#8221; global_colors_info=&#8221;{}&#8221;][et_pb_blurb title=&#8221;Ellen Keys sch\u00f6nes Zuhause&#8221; image=&#8221;https:\/\/gastplatsgranna.se\/wp-content\/uploads\/2022\/03\/ellen1.jpg&#8221; image_icon_width=&#8221;100%&#8221; admin_label=&#8221;Section #2 Blurb #4&#8243; _builder_version=&#8221;4.14.7&#8243; _module_preset=&#8221;default&#8221; header_level=&#8221;h5&#8243; header_font=&#8221;|600|||||||&#8221; header_text_color=&#8221;#022831&#8243; header_font_size=&#8221;26px&#8221; body_text_color=&#8221;#04566E&#8221; body_font_size=&#8221;18px&#8221; background_color=&#8221;#FFFFFF&#8221; image_icon_custom_margin=&#8221;||||true|true&#8221; image_icon_custom_padding=&#8221;||||true|true&#8221; text_orientation=&#8221;center&#8221; custom_padding=&#8221;15px|15px|15px|15px|true|true&#8221; link_option_url=&#8221;https:\/\/www.ellenkey.se\/&#8221; link_option_url_new_window=&#8221;on&#8221; hover_enabled=&#8221;0&#8243; box_shadow_style=&#8221;preset1&#8243; global_colors_info=&#8221;{}&#8221; sticky_enabled=&#8221;0&#8243; title_text=&#8221;ellen1&#8243;]<\/p>\n<p><strong>Ellen Keys Beach<\/strong><\/p>\n<p><span>Seit Ellen Key selbst am Strand wohnte, hat dieser Ort Besucher angezogen. Das Haus wurde f\u00fcr diejenigen ausgestellt, die mehr \u00fcber Ellen Key, ihr Leben und ihr sch\u00f6nes Haus erfahren m\u00f6chten. Auch heute noch ist der Strand f\u00fcr Besichtigungen ge\u00f6ffnet, wobei die Zeiten an die Stipendiaten angepasst sind.<\/span><\/p>\n<p>[\/et_pb_blurb][\/et_pb_column][et_pb_column type=&#8221;1_3&#8243; _builder_version=&#8221;4.14.7&#8243; _module_preset=&#8221;default&#8221; global_colors_info=&#8221;{}&#8221;][\/et_pb_column][et_pb_column type=&#8221;1_3&#8243; _builder_version=&#8221;4.14.7&#8243; _module_preset=&#8221;default&#8221; global_colors_info=&#8221;{}&#8221;][\/et_pb_column][\/et_pb_row][\/et_pb_section][et_pb_section fb_built=&#8221;1&#8243; _builder_version=&#8221;4.14.7&#8243; _module_preset=&#8221;default&#8221; global_colors_info=&#8221;{}&#8221;][\/et_pb_section]<\/p>\n","protected":false},"excerpt":{"rendered":"<p>ExkursionenHier sind einige Empfehlungen f\u00fcr diejenigen, die w\u00e4hrend ihres Aufenthalts in die fantastischen W\u00e4lder von Gr\u00e4nna gehen m\u00f6chten. Klicken Sie auf die Bilder, um zur Website der jeweiligen Aktivit\u00e4t zu gelangen.Girab\u00e4cken Die Girab\u00e4ck-Schlucht hat eine sehr vielf\u00e4ltige Flora und Fauna. Das Gebiet wurde fr\u00fcher f\u00fcr den Sandsteinabbau genutzt. Jetzt ist es ein sch\u00f6nes Wandergebiet.Klevens Naturlehrpfad [&hellip;]<\/p>\n","protected":false},"author":13,"featured_media":0,"parent":0,"menu_order":0,"comment_status":"closed","ping_status":"closed","template":"","meta":{"_acf_changed":false,"_et_pb_use_builder":"on","_et_pb_old_content":"","_et_gb_content_width":"","footnotes":""},"class_list":["post-31098","page","type-page","status-publish","hentry"],"acf":[],"publishpress_future_action":{"enabled":false,"date":"2026-05-05 21:13:03","action":"change-status","newStatus":"draft","terms":[],"taxonomy":"translation_priority","extraData":[]},"publishpress_future_workflow_manual_trigger":{"enabledWorkflows":[]},"_links":{"self":[{"href":"https:\/\/gastplatsgranna.se\/de\/wp-json\/wp\/v2\/pages\/31098","targetHints":{"allow":["GET"]}}],"collection":[{"href":"https:\/\/gastplatsgranna.se\/de\/wp-json\/wp\/v2\/pages"}],"about":[{"href":"https:\/\/gastplatsgranna.se\/de\/wp-json\/wp\/v2\/types\/page"}],"author":[{"embeddable":true,"href":"https:\/\/gastplatsgranna.se\/de\/wp-json\/wp\/v2\/users\/13"}],"replies":[{"embeddable":true,"href":"https:\/\/gastplatsgranna.se\/de\/wp-json\/wp\/v2\/comments?post=31098"}],"version-history":[{"count":0,"href":"https:\/\/gastplatsgranna.se\/de\/wp-json\/wp\/v2\/pages\/31098\/revisions"}],"wp:attachment":[{"href":"https:\/\/gastplatsgranna.se\/de\/wp-json\/wp\/v2\/media?parent=31098"}],"curies":[{"name":"wp","href":"https:\/\/api.w.org\/{rel}","templated":true}]}}